{"id":279848,"date":"2023-08-04T02:35:16","date_gmt":"2023-08-04T02:35:16","guid":{"rendered":"https:\/\/fmer-remf.ca\/recherche\/projets\/"},"modified":"2025-11-12T20:00:51","modified_gmt":"2025-11-12T20:00:51","slug":"projets","status":"publish","type":"page","link":"https:\/\/fmer-remf.ca\/fr\/recherche\/projets\/","title":{"rendered":"Projets"},"content":{"rendered":"<p>[et_pb_section fb_built=\u00a0\u00bb1&Prime; admin_label=\u00a0\u00bbPage Title Section\u00a0\u00bb _builder_version=\u00a0\u00bb4.25.1&Prime; background_color_gradient_direction=\u00a0\u00bb115deg\u00a0\u00bb background_image=\u00a0\u00bbhttps:\/\/fmer-remf.ca\/wp-content\/uploads\/FMER-Projects-Header.jpg\u00a0\u00bb custom_padding=\u00a0\u00bb150px||0px|\u00a0\u00bb global_colors_info=\u00a0\u00bb{}\u00a0\u00bb][et_pb_row _builder_version=\u00a0\u00bb4.25.1&Prime; background_color=\u00a0\u00bbrgba(56,62,89,0.91)\u00a0\u00bb background_size=\u00a0\u00bbinitial\u00a0\u00bb background_position=\u00a0\u00bbtop_left\u00a0\u00bb background_repeat=\u00a0\u00bbrepeat\u00a0\u00bb max_width=\u00a0\u00bb960px\u00a0\u00bb custom_margin=\u00a0\u00bb|||0px\u00a0\u00bb custom_padding=\u00a0\u00bb5px|40px||10%|false|false\u00a0\u00bb animation_style=\u00a0\u00bbslide\u00a0\u00bb animation_direction=\u00a0\u00bbleft\u00a0\u00bb animation_intensity_slide=\u00a0\u00bb2%\u00a0\u00bb border_radii=\u00a0\u00bb||6px|6px|\u00a0\u00bb border_width_right=\u00a0\u00bb30px\u00a0\u00bb border_color_right=\u00a0\u00bb#7da4e9&Prime; use_custom_width=\u00a0\u00bbon\u00a0\u00bb custom_width_px=\u00a0\u00bb960px\u00a0\u00bb locked=\u00a0\u00bboff\u00a0\u00bb global_colors_info=\u00a0\u00bb{}\u00a0\u00bb][et_pb_column type=\u00a0\u00bb4_4&Prime; _builder_version=\u00a0\u00bb4.16&Prime; custom_padding=\u00a0\u00bb|||\u00a0\u00bb custom_padding_tablet=\u00a0\u00bb|||10%\u00a0\u00bb custom_padding_last_edited=\u00a0\u00bboff|desktop\u00a0\u00bb global_colors_info=\u00a0\u00bb{}\u00a0\u00bb padding_tablet=\u00a0\u00bb|||10%\u00a0\u00bb padding_last_edited=\u00a0\u00bboff|desktop\u00a0\u00bb custom_padding__hover=\u00a0\u00bb|||\u00a0\u00bb][et_pb_text admin_label=\u00a0\u00bbTitle\u00a0\u00bb _builder_version=\u00a0\u00bb4.21.0&Prime; text_font=\u00a0\u00bb||||||||\u00a0\u00bb header_font=\u00a0\u00bbAbhaya Libre|700|||||||\u00a0\u00bb header_font_size=\u00a0\u00bb70px\u00a0\u00bb header_line_height=\u00a0\u00bb1.2em\u00a0\u00bb header_4_font=\u00a0\u00bb||||||||\u00a0\u00bb background_layout=\u00a0\u00bbdark\u00a0\u00bb custom_margin=\u00a0\u00bb|||\u00a0\u00bb custom_padding=\u00a0\u00bb|||\u00a0\u00bb header_font_size_tablet=\u00a0\u00bb40px\u00a0\u00bb header_font_size_phone=\u00a0\u00bb\u00a0\u00bb header_font_size_last_edited=\u00a0\u00bbon|tablet\u00a0\u00bb global_colors_info=\u00a0\u00bb{}\u00a0\u00bb]<\/p>\n<h1>Projets<\/h1>\n<p>\n[\/et_pb_text][\/et_pb_column][\/et_pb_row][\/et_pb_section][et_pb_section fb_built=\u00a0\u00bb1&Prime; _builder_version=\u00a0\u00bb4.25.1&Prime; _module_preset=\u00a0\u00bbdefault\u00a0\u00bb custom_padding=\u00a0\u00bb23px||0px||false|false\u00a0\u00bb global_colors_info=\u00a0\u00bb{}\u00a0\u00bb][et_pb_row _builder_version=\u00a0\u00bb4.21.0&Prime; _module_preset=\u00a0\u00bbdefault\u00a0\u00bb global_colors_info=\u00a0\u00bb{}\u00a0\u00bb][et_pb_column type=\u00a0\u00bb4_4&Prime; _builder_version=\u00a0\u00bb4.21.0&Prime; _module_preset=\u00a0\u00bbdefault\u00a0\u00bb global_colors_info=\u00a0\u00bb{}\u00a0\u00bb][et_pb_text _builder_version=\u00a0\u00bb4.21.0&Prime; _module_preset=\u00a0\u00bbdefault\u00a0\u00bb text_font_size=\u00a0\u00bb16px\u00a0\u00bb custom_padding=\u00a0\u00bb||0px|||\u00a0\u00bb global_colors_info=\u00a0\u00bb{}\u00a0\u00bb]<\/p>\n<p>Nos activit\u00e9s de recherche sont motiv\u00e9es par notre profonde compr\u00e9hension du r\u00f4le vital que joue la m\u00e9decine familiale au sein du syst\u00e8me de soins de sant\u00e9. Les m\u00e9decins de famille prodiguent des soins primaires exhaustifs et continus \u00e0 une patient\u00e8le constitu\u00e9e de personnes de tous \u00e2ges, de tous genres et de tous horizons. La nature de la m\u00e9decine familiale n\u00e9cessite l\u2019acquisition d\u2019un arsenal unique de connaissances et de capacit\u00e9s qui englobent non seulement l\u2019expertise clinique, mais aussi la communication efficace, les soins centr\u00e9s sur le patient et la compr\u00e9hension des d\u00e9terminants sociaux de la sant\u00e9. Notre groupe de recherche reconna\u00eet l\u2019importance de la pratique bas\u00e9e sur des donn\u00e9es probantes et de l\u2019innovation constante en enseignement de la m\u00e9decine familiale. <\/p>\n<p><\/p>\n<p>&nbsp;<\/p>\n<p>[\/et_pb_text][\/et_pb_column][\/et_pb_row][\/et_pb_section][et_pb_section fb_built=\u00a0\u00bb1&Prime; admin_label=\u00a0\u00bbProjects\u00a0\u00bb _builder_version=\u00a0\u00bb4.25.1&Prime; custom_padding=\u00a0\u00bb0px||2px||false|false\u00a0\u00bb locked=\u00a0\u00bboff\u00a0\u00bb global_colors_info=\u00a0\u00bb{}\u00a0\u00bb][et_pb_row _builder_version=\u00a0\u00bb4.16&Prime; global_colors_info=\u00a0\u00bb{}\u00a0\u00bb][et_pb_column type=\u00a0\u00bb4_4&Prime; _builder_version=\u00a0\u00bb4.16&Prime; global_colors_info=\u00a0\u00bb{}\u00a0\u00bb][et_pb_text _builder_version=\u00a0\u00bb4.25.1&Prime; text_font=\u00a0\u00bb||||||||\u00a0\u00bb text_font_size=\u00a0\u00bb16px\u00a0\u00bb text_line_height=\u00a0\u00bb2em\u00a0\u00bb header_2_font=\u00a0\u00bbAbril Fatface||||||||\u00a0\u00bb header_2_font_size=\u00a0\u00bb56px\u00a0\u00bb header_2_line_height=\u00a0\u00bb1.1em\u00a0\u00bb max_width=\u00a0\u00bb1080px\u00a0\u00bb text_font_size_tablet=\u00a0\u00bb\u00a0\u00bb text_font_size_phone=\u00a0\u00bb14px\u00a0\u00bb text_font_size_last_edited=\u00a0\u00bbon|desktop\u00a0\u00bb text_line_height_tablet=\u00a0\u00bb\u00a0\u00bb text_line_height_phone=\u00a0\u00bb1.6em\u00a0\u00bb text_line_height_last_edited=\u00a0\u00bbon|desktop\u00a0\u00bb header_2_font_size_tablet=\u00a0\u00bb36px\u00a0\u00bb header_2_font_size_phone=\u00a0\u00bb24px\u00a0\u00bb header_2_font_size_last_edited=\u00a0\u00bbon|phone\u00a0\u00bb locked=\u00a0\u00bboff\u00a0\u00bb global_colors_info=\u00a0\u00bb{}\u00a0\u00bb]<\/p>\n<h2 style=\"text-align: center;\">Projets de recherche en cours<\/h2>\n<p>[\/et_pb_text][\/et_pb_column][\/et_pb_row][\/et_pb_section][et_pb_section fb_built=\u00a0\u00bb1&Prime; _builder_version=\u00a0\u00bb4.19.5&Prime; _module_preset=\u00a0\u00bbdefault\u00a0\u00bb custom_padding=\u00a0\u00bb10px||4px|||\u00a0\u00bb locked=\u00a0\u00bboff\u00a0\u00bb global_colors_info=\u00a0\u00bb{}\u00a0\u00bb][et_pb_row column_structure=\u00a0\u00bb1_3,1_3,1_3&Prime; use_custom_gutter=\u00a0\u00bbon\u00a0\u00bb gutter_width=\u00a0\u00bb1&Prime; make_equal=\u00a0\u00bbon\u00a0\u00bb custom_padding_last_edited=\u00a0\u00bbon|desktop\u00a0\u00bb _builder_version=\u00a0\u00bb4.27.2&Prime; _module_preset=\u00a0\u00bbdefault\u00a0\u00bb width=\u00a0\u00bb100%\u00a0\u00bb max_width=\u00a0\u00bb100%\u00a0\u00bb custom_padding=\u00a0\u00bb50px|50px|50px|50px|true|true\u00a0\u00bb custom_padding_tablet=\u00a0\u00bb100px|100px|100px|100px|true|true\u00a0\u00bb custom_padding_phone=\u00a0\u00bb80px|16px|80px|16px|true|true\u00a0\u00bb global_colors_info=\u00a0\u00bb{}\u00a0\u00bb][et_pb_column type=\u00a0\u00bb1_3&Prime; _builder_version=\u00a0\u00bb4.25.1&Prime; _module_preset=\u00a0\u00bbdefault\u00a0\u00bb box_shadow_style=\u00a0\u00bbpreset1&Prime; global_colors_info=\u00a0\u00bb{}\u00a0\u00bb][et_pb_image src=\u00a0\u00bbhttps:\/\/fmer-remf.ca\/wp-content\/uploads\/FMER-Research-Projects-POEM-Button2.jpg\u00a0\u00bb align=\u00a0\u00bbcenter\u00a0\u00bb _builder_version=\u00a0\u00bb4.25.1&Prime; _module_preset=\u00a0\u00bbdefault\u00a0\u00bb z_index=\u00a0\u00bb1&Prime; width=\u00a0\u00bb83%\u00a0\u00bb custom_margin=\u00a0\u00bb|35px||35px|false|true\u00a0\u00bb custom_margin_tablet=\u00a0\u00bb|15px||15px|false|true\u00a0\u00bb custom_margin_phone=\u00a0\u00bb|15px||15px|false|true\u00a0\u00bb custom_margin_last_edited=\u00a0\u00bbon|desktop\u00a0\u00bb custom_padding=\u00a0\u00bb15px|3px|15px|3px|true|true\u00a0\u00bb border_radii=\u00a0\u00bbon|5px|5px|5px|5px\u00a0\u00bb box_shadow_style=\u00a0\u00bbpreset1&Prime; box_shadow_color=\u00a0\u00bb#565656&Prime; global_colors_info=\u00a0\u00bb{}\u00a0\u00bb][\/et_pb_image][et_pb_team_member name=\u00a0\u00bbProjet : R\u00e9tablissement du programme POEMs pour la formation m\u00e9dicale continue\u00a0\u00bb _builder_version=\u00a0\u00bb4.27.4&Prime; _module_preset=\u00a0\u00bbdefault\u00a0\u00bb header_font=\u00a0\u00bb|600|||||||\u00a0\u00bb header_text_color=\u00a0\u00bb#000000&Prime; header_font_size=\u00a0\u00bb18px\u00a0\u00bb header_line_height=\u00a0\u00bb1.1em\u00a0\u00bb body_text_color=\u00a0\u00bb#000000&Prime; position_text_color=\u00a0\u00bb#000000&Prime; background_enable_color=\u00a0\u00bboff\u00a0\u00bb width=\u00a0\u00bb88%\u00a0\u00bb custom_margin=\u00a0\u00bb-26px|0px|0px|10px|false|false\u00a0\u00bb custom_margin_tablet=\u00a0\u00bb10px|0vw|10px|0vw|true|false\u00a0\u00bb custom_margin_phone=\u00a0\u00bb|0vw||0vw|false|false\u00a0\u00bb custom_margin_last_edited=\u00a0\u00bbon|tablet\u00a0\u00bb custom_padding=\u00a0\u00bb29px|18px|15px|18px|false|true\u00a0\u00bb custom_padding_tablet=\u00a0\u00bb25px|7px|25px|7px|true|false\u00a0\u00bb custom_padding_phone=\u00a0\u00bb25px|7px|25px|7px|true|false\u00a0\u00bb custom_padding_last_edited=\u00a0\u00bbon|desktop\u00a0\u00bb border_radii=\u00a0\u00bbon|5px|5px|5px|5px\u00a0\u00bb border_color_all=\u00a0\u00bbrgba(168,168,168,0.38)\u00a0\u00bb global_colors_info=\u00a0\u00bb{}\u00a0\u00bb][\/et_pb_team_member][et_pb_text _builder_version=\u00a0\u00bb4.25.1&Prime; _module_preset=\u00a0\u00bbdefault\u00a0\u00bb text_text_color=\u00a0\u00bb#000000&Prime; custom_margin=\u00a0\u00bb0px||0px||false|true\u00a0\u00bb custom_padding=\u00a0\u00bb10px|28px|7px|28px|false|true\u00a0\u00bb global_colors_info=\u00a0\u00bb{}\u00a0\u00bb]<\/p>\n<p>Le programme POEMs ayant pris fin au Canada, l\u2019Universit\u00e9 McGill s\u2019affaire \u00e0 r\u00e9tablir, de concert avec Wiley Blackwell, cette pr\u00e9cieuse ressource p\u00e9dagogique pour les m\u00e9decins. Le lancement est pr\u00e9vu pour 2024 .<\/p>\n<p>[\/et_pb_text][et_pb_button button_url=\u00a0\u00bbhttps:\/\/fmer-remf.ca\/fr\/project\/retablissement-du-programme-poems-pour-la-formation-medicale-continue\/\u00a0\u00bb button_text=\u00a0\u00bbEn savoir plus\u00a0\u00bb button_alignment=\u00a0\u00bbleft\u00a0\u00bb _builder_version=\u00a0\u00bb4.25.1&Prime; custom_button=\u00a0\u00bbon\u00a0\u00bb button_text_size=\u00a0\u00bb14px\u00a0\u00bb button_text_color=\u00a0\u00bb#000000&Prime; button_bg_color=\u00a0\u00bb#73a1dc\u00a0\u00bb button_border_width=\u00a0\u00bb0px\u00a0\u00bb button_border_radius=\u00a0\u00bb5px\u00a0\u00bb button_letter_spacing=\u00a0\u00bb1px\u00a0\u00bb button_font=\u00a0\u00bbOpen Sans|700|||||||\u00a0\u00bb custom_margin=\u00a0\u00bb10px||10px|20px|false|false\u00a0\u00bb custom_margin_tablet=\u00a0\u00bb|0px|||false|false\u00a0\u00bb custom_margin_phone=\u00a0\u00bb\u00a0\u00bb custom_margin_last_edited=\u00a0\u00bbon|desktop\u00a0\u00bb custom_padding=\u00a0\u00bb16px|38px|16px|38px|true|true\u00a0\u00bb locked=\u00a0\u00bboff\u00a0\u00bb global_colors_info=\u00a0\u00bb{}\u00a0\u00bb][\/et_pb_button][\/et_pb_column][et_pb_column type=\u00a0\u00bb1_3&Prime; _builder_version=\u00a0\u00bb4.27.2&Prime; _module_preset=\u00a0\u00bbdefault\u00a0\u00bb box_shadow_style=\u00a0\u00bbpreset1&Prime; global_colors_info=\u00a0\u00bb{}\u00a0\u00bb][et_pb_image src=\u00a0\u00bbhttps:\/\/fmer-remf.ca\/wp-content\/uploads\/Joshua-Porject-Section-Button.jpg\u00a0\u00bb align=\u00a0\u00bbcenter\u00a0\u00bb _builder_version=\u00a0\u00bb4.27.4&Prime; _module_preset=\u00a0\u00bbdefault\u00a0\u00bb z_index=\u00a0\u00bb1&Prime; width=\u00a0\u00bb83%\u00a0\u00bb custom_margin=\u00a0\u00bb|35px||35px|false|true\u00a0\u00bb custom_margin_tablet=\u00a0\u00bb|15px||15px|false|true\u00a0\u00bb custom_margin_phone=\u00a0\u00bb|15px||15px|false|true\u00a0\u00bb custom_margin_last_edited=\u00a0\u00bbon|desktop\u00a0\u00bb custom_padding=\u00a0\u00bb15px|3px|15px|3px|true|true\u00a0\u00bb border_radii=\u00a0\u00bbon|5px|5px|5px|5px\u00a0\u00bb box_shadow_style=\u00a0\u00bbpreset1&Prime; box_shadow_color=\u00a0\u00bb#565656&Prime; global_colors_info=\u00a0\u00bb{}\u00a0\u00bb][\/et_pb_image][et_pb_team_member name=\u00a0\u00bbProjet : Exploration de l&#039;exp\u00e9rience des m\u00e9decins de famille en mati\u00e8re de soins tenant compte du genre\u00a0\u00bb _builder_version=\u00a0\u00bb4.27.4&Prime; _module_preset=\u00a0\u00bbdefault\u00a0\u00bb header_font=\u00a0\u00bb|600|||||||\u00a0\u00bb header_text_color=\u00a0\u00bb#000000&Prime; header_font_size=\u00a0\u00bb18px\u00a0\u00bb header_line_height=\u00a0\u00bb1.1em\u00a0\u00bb body_text_color=\u00a0\u00bb#000000&Prime; position_text_color=\u00a0\u00bb#000000&Prime; background_enable_color=\u00a0\u00bboff\u00a0\u00bb width=\u00a0\u00bb88%\u00a0\u00bb custom_margin=\u00a0\u00bb-26px|0px|0px|10px|false|false\u00a0\u00bb custom_margin_tablet=\u00a0\u00bb10px|0vw|10px|0vw|true|false\u00a0\u00bb custom_margin_phone=\u00a0\u00bb|0vw||0vw|false|false\u00a0\u00bb custom_margin_last_edited=\u00a0\u00bbon|tablet\u00a0\u00bb custom_padding=\u00a0\u00bb29px|18px|15px|18px|false|true\u00a0\u00bb custom_padding_tablet=\u00a0\u00bb25px|7px|25px|7px|true|false\u00a0\u00bb custom_padding_phone=\u00a0\u00bb25px|7px|25px|7px|true|false\u00a0\u00bb custom_padding_last_edited=\u00a0\u00bbon|desktop\u00a0\u00bb border_radii=\u00a0\u00bbon|5px|5px|5px|5px\u00a0\u00bb border_color_all=\u00a0\u00bbrgba(168,168,168,0.38)\u00a0\u00bb global_colors_info=\u00a0\u00bb{}\u00a0\u00bb][\/et_pb_team_member][et_pb_text _builder_version=\u00a0\u00bb4.27.4&Prime; _module_preset=\u00a0\u00bbdefault\u00a0\u00bb text_text_color=\u00a0\u00bb#000000&Prime; custom_margin=\u00a0\u00bb0px||0px||false|true\u00a0\u00bb custom_padding=\u00a0\u00bb10px|28px|7px|28px|false|true\u00a0\u00bb global_colors_info=\u00a0\u00bb{}\u00a0\u00bb]<\/p>\n<p>Ce projet \u00e9tudie la mani\u00e8re dont les m\u00e9decins de famille vivent, comprennent et g\u00e8rent les soins de sant\u00e9 primaires ax\u00e9s sur l&rsquo;affirmation du genre pour les patients transgenres et de la diversit\u00e9 des genres (TGD).<\/p>\n<p>[\/et_pb_text][et_pb_button button_url=\u00a0\u00bbhttps:\/\/fmer-remf.ca\/project\/exploring-family-physicians-experiences-with-gender-affirming-care\/\u00a0\u00bb button_text=\u00a0\u00bbEn savoir plus\u00a0\u00bb button_alignment=\u00a0\u00bbleft\u00a0\u00bb _builder_version=\u00a0\u00bb4.27.4&Prime; custom_button=\u00a0\u00bbon\u00a0\u00bb button_text_size=\u00a0\u00bb14px\u00a0\u00bb button_text_color=\u00a0\u00bb#000000&Prime; button_bg_color=\u00a0\u00bb#73a1dc\u00a0\u00bb button_border_width=\u00a0\u00bb0px\u00a0\u00bb button_border_radius=\u00a0\u00bb5px\u00a0\u00bb button_letter_spacing=\u00a0\u00bb1px\u00a0\u00bb button_font=\u00a0\u00bbOpen Sans|700|||||||\u00a0\u00bb custom_margin=\u00a0\u00bb10px||10px|20px|false|false\u00a0\u00bb custom_margin_tablet=\u00a0\u00bb|0px|||false|false\u00a0\u00bb custom_margin_phone=\u00a0\u00bb\u00a0\u00bb custom_margin_last_edited=\u00a0\u00bbon|desktop\u00a0\u00bb custom_padding=\u00a0\u00bb16px|38px|16px|38px|true|true\u00a0\u00bb locked=\u00a0\u00bboff\u00a0\u00bb global_colors_info=\u00a0\u00bb{}\u00a0\u00bb][\/et_pb_button][\/et_pb_column][et_pb_column type=\u00a0\u00bb1_3&Prime; _builder_version=\u00a0\u00bb4.27.2&Prime; _module_preset=\u00a0\u00bbdefault\u00a0\u00bb box_shadow_style=\u00a0\u00bbpreset1&Prime; global_colors_info=\u00a0\u00bb{}\u00a0\u00bb][et_pb_image src=\u00a0\u00bbhttps:\/\/fmer-remf.ca\/wp-content\/uploads\/Thumb-base2-PRO-IW-PC-V3.png\u00a0\u00bb alt=\u00a0\u00bbPRIDE \u2192 Professional Identity in Doctor\u2013NP Environments\u00a0\u00bb align=\u00a0\u00bbcenter\u00a0\u00bb _builder_version=\u00a0\u00bb4.27.4&Prime; _module_preset=\u00a0\u00bbdefault\u00a0\u00bb z_index=\u00a0\u00bb1&Prime; width=\u00a0\u00bb83%\u00a0\u00bb custom_margin=\u00a0\u00bb|35px||35px|false|true\u00a0\u00bb custom_margin_tablet=\u00a0\u00bb|15px||15px|false|true\u00a0\u00bb custom_margin_phone=\u00a0\u00bb|15px||15px|false|true\u00a0\u00bb custom_margin_last_edited=\u00a0\u00bbon|desktop\u00a0\u00bb custom_padding=\u00a0\u00bb15px|3px|15px|3px|true|true\u00a0\u00bb border_radii=\u00a0\u00bbon|5px|5px|5px|5px\u00a0\u00bb box_shadow_style=\u00a0\u00bbpreset1&Prime; box_shadow_color=\u00a0\u00bb#565656&Prime; global_colors_info=\u00a0\u00bb{}\u00a0\u00bb][\/et_pb_image][et_pb_team_member name=\u00a0\u00bbProjet : PRO-IW-PC | Travail sur l&#039;identit\u00e9 professionnelle dans les soins primaires\u00a0\u00bb _builder_version=\u00a0\u00bb4.27.4&Prime; _module_preset=\u00a0\u00bbdefault\u00a0\u00bb header_font=\u00a0\u00bb|600|||||||\u00a0\u00bb header_text_color=\u00a0\u00bb#000000&Prime; header_font_size=\u00a0\u00bb18px\u00a0\u00bb header_line_height=\u00a0\u00bb1.1em\u00a0\u00bb body_text_color=\u00a0\u00bb#000000&Prime; position_text_color=\u00a0\u00bb#000000&Prime; background_enable_color=\u00a0\u00bboff\u00a0\u00bb width=\u00a0\u00bb88%\u00a0\u00bb custom_margin=\u00a0\u00bb-26px|0px|0px|10px|false|false\u00a0\u00bb custom_margin_tablet=\u00a0\u00bb10px|0vw|10px|0vw|true|false\u00a0\u00bb custom_margin_phone=\u00a0\u00bb|0vw||0vw|false|false\u00a0\u00bb custom_margin_last_edited=\u00a0\u00bbon|tablet\u00a0\u00bb custom_padding=\u00a0\u00bb29px|18px|15px|18px|false|true\u00a0\u00bb custom_padding_tablet=\u00a0\u00bb25px|7px|25px|7px|true|false\u00a0\u00bb custom_padding_phone=\u00a0\u00bb25px|7px|25px|7px|true|false\u00a0\u00bb custom_padding_last_edited=\u00a0\u00bbon|desktop\u00a0\u00bb border_radii=\u00a0\u00bbon|5px|5px|5px|5px\u00a0\u00bb border_color_all=\u00a0\u00bbrgba(168,168,168,0.38)\u00a0\u00bb global_colors_info=\u00a0\u00bb{}\u00a0\u00bb][\/et_pb_team_member][et_pb_text _builder_version=\u00a0\u00bb4.27.4&Prime; _module_preset=\u00a0\u00bbdefault\u00a0\u00bb text_text_color=\u00a0\u00bb#000000&Prime; custom_margin=\u00a0\u00bb0px||0px||false|true\u00a0\u00bb custom_padding=\u00a0\u00bb10px|28px|7px|28px|false|true\u00a0\u00bb global_colors_info=\u00a0\u00bb{}\u00a0\u00bb]<\/p>\n<p>Ce projet examine comment les m\u00e9decins de famille et les infirmi\u00e8res praticiennes d\u00e9veloppent et n\u00e9gocient leur identit\u00e9 professionnelle lorsqu&rsquo;ils travaillent ensemble au sein d&rsquo;\u00e9quipes interdisciplinaires de soins primaires au Qu\u00e9bec et en Ontario.<\/p>\n<p>[\/et_pb_text][et_pb_button button_url=\u00a0\u00bbhttps:\/\/fmer-remf.ca\/project\/professional-identity-work-in-primary-care\/\u00a0\u00bb button_text=\u00a0\u00bbEn savoir plus\u00a0\u00bb button_alignment=\u00a0\u00bbleft\u00a0\u00bb _builder_version=\u00a0\u00bb4.27.4&Prime; custom_button=\u00a0\u00bbon\u00a0\u00bb button_text_size=\u00a0\u00bb14px\u00a0\u00bb button_text_color=\u00a0\u00bb#000000&Prime; button_bg_color=\u00a0\u00bb#73a1dc\u00a0\u00bb button_border_width=\u00a0\u00bb0px\u00a0\u00bb button_border_radius=\u00a0\u00bb5px\u00a0\u00bb button_letter_spacing=\u00a0\u00bb1px\u00a0\u00bb button_font=\u00a0\u00bbOpen Sans|700|||||||\u00a0\u00bb custom_margin=\u00a0\u00bb10px||10px|20px|false|false\u00a0\u00bb custom_margin_tablet=\u00a0\u00bb|0px|||false|false\u00a0\u00bb custom_margin_phone=\u00a0\u00bb\u00a0\u00bb custom_margin_last_edited=\u00a0\u00bbon|desktop\u00a0\u00bb custom_padding=\u00a0\u00bb16px|38px|16px|38px|true|true\u00a0\u00bb hover_enabled=\u00a0\u00bb0&Prime; locked=\u00a0\u00bboff\u00a0\u00bb global_colors_info=\u00a0\u00bb{}\u00a0\u00bb sticky_enabled=\u00a0\u00bb0&Prime;][\/et_pb_button][\/et_pb_column][\/et_pb_row][\/et_pb_section][et_pb_section fb_built=\u00a0\u00bb1&Prime; admin_label=\u00a0\u00bbProjects\u00a0\u00bb _builder_version=\u00a0\u00bb4.25.1&Prime; custom_padding=\u00a0\u00bb0px||2px||false|false\u00a0\u00bb locked=\u00a0\u00bboff\u00a0\u00bb collapsed=\u00a0\u00bbon\u00a0\u00bb global_colors_info=\u00a0\u00bb{}\u00a0\u00bb][et_pb_row _builder_version=\u00a0\u00bb4.16&Prime; global_colors_info=\u00a0\u00bb{}\u00a0\u00bb][et_pb_column type=\u00a0\u00bb4_4&Prime; _builder_version=\u00a0\u00bb4.16&Prime; global_colors_info=\u00a0\u00bb{}\u00a0\u00bb][et_pb_text _builder_version=\u00a0\u00bb4.27.4&Prime; text_font=\u00a0\u00bb||||||||\u00a0\u00bb text_font_size=\u00a0\u00bb16px\u00a0\u00bb text_line_height=\u00a0\u00bb2em\u00a0\u00bb header_2_font=\u00a0\u00bbAbril Fatface||||||||\u00a0\u00bb header_2_font_size=\u00a0\u00bb56px\u00a0\u00bb header_2_line_height=\u00a0\u00bb1.1em\u00a0\u00bb max_width=\u00a0\u00bb1080px\u00a0\u00bb text_font_size_tablet=\u00a0\u00bb\u00a0\u00bb text_font_size_phone=\u00a0\u00bb14px\u00a0\u00bb text_font_size_last_edited=\u00a0\u00bbon|desktop\u00a0\u00bb text_line_height_tablet=\u00a0\u00bb\u00a0\u00bb text_line_height_phone=\u00a0\u00bb1.6em\u00a0\u00bb text_line_height_last_edited=\u00a0\u00bbon|desktop\u00a0\u00bb header_2_font_size_tablet=\u00a0\u00bb36px\u00a0\u00bb header_2_font_size_phone=\u00a0\u00bb24px\u00a0\u00bb header_2_font_size_last_edited=\u00a0\u00bbon|phone\u00a0\u00bb locked=\u00a0\u00bboff\u00a0\u00bb global_colors_info=\u00a0\u00bb{}\u00a0\u00bb]<\/p>\n<h2 style=\"text-align: center;\">Projets de recherche achev\u00e9s<\/h2>\n<p>[\/et_pb_text][\/et_pb_column][\/et_pb_row][\/et_pb_section][et_pb_section fb_built=\u00a0\u00bb1&Prime; _builder_version=\u00a0\u00bb4.19.5&Prime; _module_preset=\u00a0\u00bbdefault\u00a0\u00bb custom_padding=\u00a0\u00bb10px||4px|||\u00a0\u00bb locked=\u00a0\u00bboff\u00a0\u00bb global_colors_info=\u00a0\u00bb{}\u00a0\u00bb][et_pb_row column_structure=\u00a0\u00bb1_3,1_3,1_3&Prime; use_custom_gutter=\u00a0\u00bbon\u00a0\u00bb gutter_width=\u00a0\u00bb1&Prime; make_equal=\u00a0\u00bbon\u00a0\u00bb custom_padding_last_edited=\u00a0\u00bbon|desktop\u00a0\u00bb _builder_version=\u00a0\u00bb4.27.2&Prime; _module_preset=\u00a0\u00bbdefault\u00a0\u00bb width=\u00a0\u00bb100%\u00a0\u00bb max_width=\u00a0\u00bb100%\u00a0\u00bb custom_padding=\u00a0\u00bb50px|50px|50px|50px|true|true\u00a0\u00bb custom_padding_tablet=\u00a0\u00bb100px|100px|100px|100px|true|true\u00a0\u00bb custom_padding_phone=\u00a0\u00bb80px|20px|80px|20px|true|true\u00a0\u00bb global_colors_info=\u00a0\u00bb{}\u00a0\u00bb][et_pb_column type=\u00a0\u00bb1_3&Prime; _builder_version=\u00a0\u00bb4.25.1&Prime; _module_preset=\u00a0\u00bbdefault\u00a0\u00bb box_shadow_style=\u00a0\u00bbpreset1&Prime; global_colors_info=\u00a0\u00bb{}\u00a0\u00bb][et_pb_image src=\u00a0\u00bbhttps:\/\/fmer-remf.ca\/wp-content\/uploads\/Blue-Q-Button4.jpg\u00a0\u00bb align=\u00a0\u00bbcenter\u00a0\u00bb _builder_version=\u00a0\u00bb4.27.2&Prime; _module_preset=\u00a0\u00bbdefault\u00a0\u00bb z_index=\u00a0\u00bb1&Prime; width=\u00a0\u00bb83%\u00a0\u00bb custom_margin=\u00a0\u00bb|35px||35px|false|true\u00a0\u00bb custom_margin_tablet=\u00a0\u00bb|15px||15px|false|true\u00a0\u00bb custom_margin_phone=\u00a0\u00bb|15px||15px|false|true\u00a0\u00bb custom_margin_last_edited=\u00a0\u00bbon|desktop\u00a0\u00bb custom_padding=\u00a0\u00bb15px|3px|15px|3px|true|true\u00a0\u00bb border_radii=\u00a0\u00bbon|5px|5px|5px|5px\u00a0\u00bb box_shadow_style=\u00a0\u00bbpreset1&Prime; box_shadow_color=\u00a0\u00bb#565656&Prime; global_colors_info=\u00a0\u00bb{}\u00a0\u00bb][\/et_pb_image][et_pb_team_member name=\u00a0\u00bbProjet : Questionnaire d&#039;\u00e9valuation de la facilit\u00e9 d&#039;utilisation de l&#039;apprentissage mixte (BLUE-Q)\u00a0\u00bb _builder_version=\u00a0\u00bb4.27.4&Prime; _module_preset=\u00a0\u00bbdefault\u00a0\u00bb header_font=\u00a0\u00bb|600|||||||\u00a0\u00bb header_text_color=\u00a0\u00bb#000000&Prime; header_font_size=\u00a0\u00bb18px\u00a0\u00bb header_line_height=\u00a0\u00bb1.1em\u00a0\u00bb body_text_color=\u00a0\u00bb#000000&Prime; position_text_color=\u00a0\u00bb#000000&Prime; background_enable_color=\u00a0\u00bboff\u00a0\u00bb width=\u00a0\u00bb88%\u00a0\u00bb custom_margin=\u00a0\u00bb-26px|0px|0px|10px|false|false\u00a0\u00bb custom_margin_tablet=\u00a0\u00bb10px|0vw|10px|0vw|true|false\u00a0\u00bb custom_margin_phone=\u00a0\u00bb|0vw||0vw|false|false\u00a0\u00bb custom_margin_last_edited=\u00a0\u00bbon|tablet\u00a0\u00bb custom_padding=\u00a0\u00bb29px|18px|15px|18px|false|true\u00a0\u00bb custom_padding_tablet=\u00a0\u00bb25px|7px|25px|7px|true|false\u00a0\u00bb custom_padding_phone=\u00a0\u00bb25px|7px|25px|7px|true|false\u00a0\u00bb custom_padding_last_edited=\u00a0\u00bbon|desktop\u00a0\u00bb border_radii=\u00a0\u00bbon|5px|5px|5px|5px\u00a0\u00bb border_color_all=\u00a0\u00bbrgba(168,168,168,0.38)\u00a0\u00bb global_colors_info=\u00a0\u00bb{}\u00a0\u00bb][\/et_pb_team_member][et_pb_text _builder_version=\u00a0\u00bb4.27.2&Prime; _module_preset=\u00a0\u00bbdefault\u00a0\u00bb text_text_color=\u00a0\u00bb#000000&Prime; custom_margin=\u00a0\u00bb0px||0px||false|true\u00a0\u00bb custom_padding=\u00a0\u00bb10px|28px|7px|28px|false|true\u00a0\u00bb global_colors_info=\u00a0\u00bb{}\u00a0\u00bb]<\/p>\n<p>Le Blended Learning Usability Evaluation &#8211; Questionnaire (BLUE-Q) est un outil cr\u00e9\u00e9 par des chercheurs de l&rsquo;Universit\u00e9 McGill. Il permet de mesurer la facilit\u00e9 d&rsquo;utilisation des programmes d&rsquo;apprentissage mixte, en particulier ceux qui sont dispens\u00e9s dans le domaine de l&rsquo;enseignement des sciences de la sant\u00e9.<\/p>\n<p>[\/et_pb_text][et_pb_button button_url=\u00a0\u00bbhttps:\/\/fmer-remf.ca\/project\/blended-learning-usability-evaluation-questionnaire-blue-q\/\u00a0\u00bb button_text=\u00a0\u00bbEn savoir plus\u00a0\u00bb button_alignment=\u00a0\u00bbleft\u00a0\u00bb _builder_version=\u00a0\u00bb4.27.2&Prime; custom_button=\u00a0\u00bbon\u00a0\u00bb button_text_size=\u00a0\u00bb14px\u00a0\u00bb button_text_color=\u00a0\u00bb#000000&Prime; button_bg_color=\u00a0\u00bb#73a1dc\u00a0\u00bb button_border_width=\u00a0\u00bb0px\u00a0\u00bb button_border_radius=\u00a0\u00bb5px\u00a0\u00bb button_letter_spacing=\u00a0\u00bb1px\u00a0\u00bb button_font=\u00a0\u00bbOpen Sans|700|||||||\u00a0\u00bb custom_margin=\u00a0\u00bb10px||10px|20px|false|false\u00a0\u00bb custom_margin_tablet=\u00a0\u00bb|0px|||false|false\u00a0\u00bb custom_margin_phone=\u00a0\u00bb\u00a0\u00bb custom_margin_last_edited=\u00a0\u00bbon|desktop\u00a0\u00bb custom_padding=\u00a0\u00bb16px|38px|16px|38px|true|true\u00a0\u00bb locked=\u00a0\u00bboff\u00a0\u00bb global_colors_info=\u00a0\u00bb{}\u00a0\u00bb][\/et_pb_button][\/et_pb_column][et_pb_column type=\u00a0\u00bb1_3&Prime; _builder_version=\u00a0\u00bb4.27.2&Prime; _module_preset=\u00a0\u00bbdefault\u00a0\u00bb box_shadow_style=\u00a0\u00bbpreset1&Prime; global_colors_info=\u00a0\u00bb{}\u00a0\u00bb][et_pb_image src=\u00a0\u00bbhttps:\/\/fmer-remf.ca\/wp-content\/uploads\/FMER-Research-Projects-Curriculum-Renewal-Button.jpg\u00a0\u00bb alt=\u00a0\u00bbGroupe de m\u00e9decins en s\u00e9minaire dans l&#039;amphith\u00e9\u00e2tre de l&#039;h\u00f4pital\u00a0\u00bb align=\u00a0\u00bbcenter\u00a0\u00bb _builder_version=\u00a0\u00bb4.25.1&Prime; _module_preset=\u00a0\u00bbdefault\u00a0\u00bb z_index=\u00a0\u00bb1&Prime; width=\u00a0\u00bb83%\u00a0\u00bb custom_margin=\u00a0\u00bb|38px||38px|false|true\u00a0\u00bb custom_margin_tablet=\u00a0\u00bb|15px||15px|false|true\u00a0\u00bb custom_margin_phone=\u00a0\u00bb|15px||15px|false|true\u00a0\u00bb custom_margin_last_edited=\u00a0\u00bbon|desktop\u00a0\u00bb custom_padding=\u00a0\u00bb15px|3px|15px|3px|true|true\u00a0\u00bb border_radii=\u00a0\u00bbon|5px|5px|5px|5px\u00a0\u00bb box_shadow_style=\u00a0\u00bbpreset1&Prime; box_shadow_color=\u00a0\u00bb#565656&Prime; global_colors_info=\u00a0\u00bb{}\u00a0\u00bb][\/et_pb_image][et_pb_team_member name=\u00a0\u00bbProjet : Refonte du programme de r\u00e9sidence en m\u00e9decine familiale \u00a0\u00bb _builder_version=\u00a0\u00bb4.27.4&Prime; _module_preset=\u00a0\u00bbdefault\u00a0\u00bb header_font=\u00a0\u00bb|600|||||||\u00a0\u00bb header_text_color=\u00a0\u00bb#000000&Prime; header_font_size=\u00a0\u00bb18px\u00a0\u00bb header_line_height=\u00a0\u00bb1.1em\u00a0\u00bb body_text_color=\u00a0\u00bb#000000&Prime; position_text_color=\u00a0\u00bb#000000&Prime; background_enable_color=\u00a0\u00bboff\u00a0\u00bb width=\u00a0\u00bb88%\u00a0\u00bb custom_margin=\u00a0\u00bb-26px|0px|0px|10px|false|false\u00a0\u00bb custom_margin_tablet=\u00a0\u00bb10px|0vw|10px|0vw|true|false\u00a0\u00bb custom_margin_phone=\u00a0\u00bb|0vw||0vw|false|false\u00a0\u00bb custom_margin_last_edited=\u00a0\u00bbon|tablet\u00a0\u00bb custom_padding=\u00a0\u00bb29px|18px|15px|18px|false|true\u00a0\u00bb custom_padding_tablet=\u00a0\u00bb25px|7px|25px|7px|true|false\u00a0\u00bb custom_padding_phone=\u00a0\u00bb25px|7px|25px|7px|true|false\u00a0\u00bb custom_padding_last_edited=\u00a0\u00bbon|desktop\u00a0\u00bb border_radii=\u00a0\u00bbon|5px|5px|5px|5px\u00a0\u00bb border_color_all=\u00a0\u00bbrgba(168,168,168,0.38)\u00a0\u00bb global_colors_info=\u00a0\u00bb{}\u00a0\u00bb][\/et_pb_team_member][et_pb_text _builder_version=\u00a0\u00bb4.25.1&Prime; _module_preset=\u00a0\u00bbdefault\u00a0\u00bb text_text_color=\u00a0\u00bb#000000&Prime; custom_margin=\u00a0\u00bb0px||0px||false|true\u00a0\u00bb custom_padding=\u00a0\u00bb10px|28px|7px|28px|false|true\u00a0\u00bb global_colors_info=\u00a0\u00bb{}\u00a0\u00bb]<\/p>\n<p>Notre \u00e9quipe de recherche examine pr\u00e9sentement le programme de r\u00e9sidence en m\u00e9decine familiale pour guider la mise \u00e0 jour du programme actuel et l\u2019\u00e9laboration du programme subs\u00e9quent. <\/p>\n<p>[\/et_pb_text][et_pb_button button_url=\u00a0\u00bbhttps:\/\/fmer-remf.ca\/fr\/project\/refonte-du-programme-de-residence-en-medecine-familiale\/\u00a0\u00bb button_text=\u00a0\u00bbEn savoir plus\u00a0\u00bb button_alignment=\u00a0\u00bbleft\u00a0\u00bb _builder_version=\u00a0\u00bb4.25.1&Prime; custom_button=\u00a0\u00bbon\u00a0\u00bb button_text_size=\u00a0\u00bb14px\u00a0\u00bb button_text_color=\u00a0\u00bb#000000&Prime; button_bg_color=\u00a0\u00bb#73a1dc\u00a0\u00bb button_border_width=\u00a0\u00bb0px\u00a0\u00bb button_border_radius=\u00a0\u00bb5px\u00a0\u00bb button_letter_spacing=\u00a0\u00bb1px\u00a0\u00bb button_font=\u00a0\u00bbOpen Sans|700|||||||\u00a0\u00bb custom_margin=\u00a0\u00bb10px||10px|20px|false|false\u00a0\u00bb custom_margin_tablet=\u00a0\u00bb|0px|||false|false\u00a0\u00bb custom_margin_phone=\u00a0\u00bb\u00a0\u00bb custom_margin_last_edited=\u00a0\u00bbon|desktop\u00a0\u00bb custom_padding=\u00a0\u00bb16px|38px|16px|38px|true|true\u00a0\u00bb locked=\u00a0\u00bboff\u00a0\u00bb global_colors_info=\u00a0\u00bb{}\u00a0\u00bb][\/et_pb_button][\/et_pb_column][et_pb_column type=\u00a0\u00bb1_3&Prime; _builder_version=\u00a0\u00bb4.27.2&Prime; _module_preset=\u00a0\u00bbdefault\u00a0\u00bb box_shadow_style=\u00a0\u00bbpreset1&Prime; global_colors_info=\u00a0\u00bb{}\u00a0\u00bb][\/et_pb_column][\/et_pb_row][\/et_pb_section][et_pb_section fb_built=\u00a0\u00bb1&Prime; admin_label=\u00a0\u00bbFMER &#8211; Collaborate &#8211; English\u00a0\u00bb _builder_version=\u00a0\u00bb4.19.5&Prime; global_module=\u00a0\u00bb874&Prime; saved_tabs=\u00a0\u00bball\u00a0\u00bb global_colors_info=\u00a0\u00bb{}\u00a0\u00bb][et_pb_row column_structure=\u00a0\u00bb2_5,3_5&Prime; make_equal=\u00a0\u00bbon\u00a0\u00bb _builder_version=\u00a0\u00bb4.27.2&Prime; global_colors_info=\u00a0\u00bb{}\u00a0\u00bb][et_pb_column type=\u00a0\u00bb2_5&Prime; _builder_version=\u00a0\u00bb4.19.5&Prime; global_colors_info=\u00a0\u00bb{}\u00a0\u00bb][et_pb_text _builder_version=\u00a0\u00bb4.25.1&Prime; text_font=\u00a0\u00bb||||||||\u00a0\u00bb text_font_size=\u00a0\u00bb16px\u00a0\u00bb text_line_height=\u00a0\u00bb2em\u00a0\u00bb header_2_font=\u00a0\u00bbAbril Fatface||||||||\u00a0\u00bb header_2_font_size=\u00a0\u00bb36px\u00a0\u00bb header_2_line_height=\u00a0\u00bb1.1em\u00a0\u00bb max_width=\u00a0\u00bb640px\u00a0\u00bb text_font_size_tablet=\u00a0\u00bb\u00a0\u00bb text_font_size_phone=\u00a0\u00bb14px\u00a0\u00bb text_font_size_last_edited=\u00a0\u00bbon|desktop\u00a0\u00bb text_line_height_tablet=\u00a0\u00bb\u00a0\u00bb text_line_height_phone=\u00a0\u00bb1.6em\u00a0\u00bb text_line_height_last_edited=\u00a0\u00bbon|desktop\u00a0\u00bb header_2_font_size_tablet=\u00a0\u00bb36px\u00a0\u00bb header_2_font_size_phone=\u00a0\u00bb24px\u00a0\u00bb header_2_font_size_last_edited=\u00a0\u00bbon|phone\u00a0\u00bb locked=\u00a0\u00bboff\u00a0\u00bb global_colors_info=\u00a0\u00bb{}\u00a0\u00bb]<\/p>\n<h2>La recherche en enseignement de la m\u00e9decine familiale vous int\u00e9resse?<\/h2>\n<p><\/p>\n<p>Le domaine de l\u2019enseignement des sciences de la sant\u00e9 \u2013 et plus particuli\u00e8rement la recherche en enseignement de la m\u00e9decine familiale \u2013 est en pleine effervescence! Apprenez-en plus sur les activit\u00e9s de nos membres en naviguant sur notre site Web et d\u00e9couvrez comment vous joindre \u00e0 nous ou collaborer avec notre \u00e9quipe.<\/p>\n<p>[\/et_pb_text][et_pb_button button_url=\u00a0\u00bbhttps:\/\/fmer-remf.ca\/fr\/nous-joindre\/\u00a0\u00bb button_text=\u00a0\u00bbNous joindre\u00a0\u00bb button_alignment=\u00a0\u00bbright\u00a0\u00bb _builder_version=\u00a0\u00bb4.20.0&Prime; custom_button=\u00a0\u00bbon\u00a0\u00bb button_text_size=\u00a0\u00bb14px\u00a0\u00bb button_text_color=\u00a0\u00bb#000000&Prime; button_bg_color=\u00a0\u00bb#73a1dc\u00a0\u00bb button_border_width=\u00a0\u00bb0px\u00a0\u00bb button_border_radius=\u00a0\u00bb0px\u00a0\u00bb button_letter_spacing=\u00a0\u00bb1px\u00a0\u00bb button_font=\u00a0\u00bbOpen Sans|700|||||||\u00a0\u00bb custom_margin=\u00a0\u00bb|-60px|0px||false|false\u00a0\u00bb custom_margin_tablet=\u00a0\u00bb|0px|||false|false\u00a0\u00bb custom_margin_phone=\u00a0\u00bb\u00a0\u00bb custom_margin_last_edited=\u00a0\u00bbon|desktop\u00a0\u00bb custom_padding=\u00a0\u00bb16px|28px|16px|28px|true|true\u00a0\u00bb locked=\u00a0\u00bboff\u00a0\u00bb global_colors_info=\u00a0\u00bb{}\u00a0\u00bb][\/et_pb_button][et_pb_button button_url=\u00a0\u00bbhttps:\/\/fmer-remf.ca\/fr\/nous-joindre\/\u00a0\u00bb button_text=\u00a0\u00bbCollaborer avec le Groupe de recherche\u00a0\u00bb button_alignment=\u00a0\u00bbright\u00a0\u00bb _builder_version=\u00a0\u00bb4.20.0&Prime; custom_button=\u00a0\u00bbon\u00a0\u00bb button_text_size=\u00a0\u00bb14px\u00a0\u00bb button_text_color=\u00a0\u00bb#000000&Prime; button_bg_color=\u00a0\u00bb#73a1dc\u00a0\u00bb button_border_width=\u00a0\u00bb0px\u00a0\u00bb button_border_radius=\u00a0\u00bb0px\u00a0\u00bb button_letter_spacing=\u00a0\u00bb1px\u00a0\u00bb button_font=\u00a0\u00bbOpen Sans|700|||||||\u00a0\u00bb custom_margin=\u00a0\u00bb|-60px|0px||false|false\u00a0\u00bb custom_margin_tablet=\u00a0\u00bb|0px|||false|false\u00a0\u00bb custom_margin_phone=\u00a0\u00bb\u00a0\u00bb custom_margin_last_edited=\u00a0\u00bbon|desktop\u00a0\u00bb custom_padding=\u00a0\u00bb16px|28px|16px|28px|true|true\u00a0\u00bb locked=\u00a0\u00bboff\u00a0\u00bb global_colors_info=\u00a0\u00bb{}\u00a0\u00bb][\/et_pb_button][\/et_pb_column][et_pb_column type=\u00a0\u00bb3_5&Prime; _builder_version=\u00a0\u00bb4.27.2&Prime; background_enable_image=\u00a0\u00bboff\u00a0\u00bb background_size=\u00a0\u00bbcontain\u00a0\u00bb background_position=\u00a0\u00bbbottom_center\u00a0\u00bb custom_padding=\u00a0\u00bb106px||||false|false\u00a0\u00bb border_radii=\u00a0\u00bboff|5px|5px||\u00a0\u00bb global_colors_info=\u00a0\u00bb{}\u00a0\u00bb][et_pb_divider show_divider=\u00a0\u00bboff\u00a0\u00bb _builder_version=\u00a0\u00bb4.16&Prime; height_tablet=\u00a0\u00bb300px\u00a0\u00bb height_phone=\u00a0\u00bb200px\u00a0\u00bb height_last_edited=\u00a0\u00bbon|desktop\u00a0\u00bb global_colors_info=\u00a0\u00bb{}\u00a0\u00bb][\/et_pb_divider][et_pb_image src=\u00a0\u00bbhttps:\/\/fmer-remf.ca\/wp-content\/uploads\/FMER-group-portrait_composite_copy-1_3-scaled.jpg\u00a0\u00bb _builder_version=\u00a0\u00bb4.27.2&Prime; _module_preset=\u00a0\u00bbdefault\u00a0\u00bb border_radii=\u00a0\u00bboff|5px|5px||\u00a0\u00bb global_colors_info=\u00a0\u00bb{}\u00a0\u00bb][\/et_pb_image][et_pb_text _builder_version=\u00a0\u00bb4.27.2&Prime; text_font=\u00a0\u00bb||||||||\u00a0\u00bb text_font_size=\u00a0\u00bb16px\u00a0\u00bb text_line_height=\u00a0\u00bb2em\u00a0\u00bb header_2_font=\u00a0\u00bbAbril Fatface||||||||\u00a0\u00bb header_2_font_size=\u00a0\u00bb36px\u00a0\u00bb header_2_line_height=\u00a0\u00bb1.1em\u00a0\u00bb max_width=\u00a0\u00bb640px\u00a0\u00bb text_font_size_tablet=\u00a0\u00bb\u00a0\u00bb text_font_size_phone=\u00a0\u00bb14px\u00a0\u00bb text_font_size_last_edited=\u00a0\u00bbon|desktop\u00a0\u00bb text_line_height_tablet=\u00a0\u00bb\u00a0\u00bb text_line_height_phone=\u00a0\u00bb1.6em\u00a0\u00bb text_line_height_last_edited=\u00a0\u00bbon|desktop\u00a0\u00bb header_2_font_size_tablet=\u00a0\u00bb36px\u00a0\u00bb header_2_font_size_phone=\u00a0\u00bb24px\u00a0\u00bb header_2_font_size_last_edited=\u00a0\u00bbon|phone\u00a0\u00bb locked=\u00a0\u00bboff\u00a0\u00bb global_colors_info=\u00a0\u00bb{}\u00a0\u00bb]<\/p>\n<p style=\"text-align: center;\">Les membres fondateurs de FMER (photo de Heidi Hollinger, juin 2015)<\/p>\n<p>[\/et_pb_text][\/et_pb_column][\/et_pb_row][\/et_pb_section]<\/p>\n","protected":false},"excerpt":{"rendered":"<p>Projets Nos activit\u00e9s de recherche sont motiv\u00e9es par notre profonde compr\u00e9hension du r\u00f4le vital que joue la m\u00e9decine familiale au sein du syst\u00e8me de soins de sant\u00e9. Les m\u00e9decins de [&hellip;]<\/p>\n","protected":false},"author":1,"featured_media":0,"parent":279827,"menu_order":20,"comment_status":"closed","ping_status":"closed","template":"","meta":{"_et_pb_use_builder":"on","_et_pb_old_content":"","_et_gb_content_width":"","_monsterinsights_skip_tracking":false,"_monsterinsights_sitenote_active":false,"_monsterinsights_sitenote_note":"","_monsterinsights_sitenote_category":0,"footnotes":""},"class_list":["post-279848","page","type-page","status-publish","hentry"],"_links":{"self":[{"href":"https:\/\/fmer-remf.ca\/fr\/wp-json\/wp\/v2\/pages\/279848","targetHints":{"allow":["GET"]}}],"collection":[{"href":"https:\/\/fmer-remf.ca\/fr\/wp-json\/wp\/v2\/pages"}],"about":[{"href":"https:\/\/fmer-remf.ca\/fr\/wp-json\/wp\/v2\/types\/page"}],"author":[{"embeddable":true,"href":"https:\/\/fmer-remf.ca\/fr\/wp-json\/wp\/v2\/users\/1"}],"replies":[{"embeddable":true,"href":"https:\/\/fmer-remf.ca\/fr\/wp-json\/wp\/v2\/comments?post=279848"}],"version-history":[{"count":20,"href":"https:\/\/fmer-remf.ca\/fr\/wp-json\/wp\/v2\/pages\/279848\/revisions"}],"predecessor-version":[{"id":282943,"href":"https:\/\/fmer-remf.ca\/fr\/wp-json\/wp\/v2\/pages\/279848\/revisions\/282943"}],"up":[{"embeddable":true,"href":"https:\/\/fmer-remf.ca\/fr\/wp-json\/wp\/v2\/pages\/279827"}],"wp:attachment":[{"href":"https:\/\/fmer-remf.ca\/fr\/wp-json\/wp\/v2\/media?parent=279848"}],"curies":[{"name":"wp","href":"https:\/\/api.w.org\/{rel}","templated":true}]}}